{"version":"1.0","provider_name":"FocusEconomics [ES]","provider_url":"https:\/\/focus.s.nomatter.dev\/es","author_name":"Miriam Dowd","author_url":"https:\/\/focus.s.nomatter.dev\/es\/blog\/author\/miriam\/","title":"\u00bfCu\u00e1les son los planes econ\u00f3micos de Trump?","type":"rich","width":600,"height":338,"html":"<blockquote class=\"wp-embedded-content\" data-secret=\"6HC8nMkgZa\"><a href=\"https:\/\/focus.s.nomatter.dev\/es\/blog\/los-planes-economicos-de-trump\/\">\u00bfCu\u00e1les son los planes econ\u00f3micos de Trump?<\/a><\/blockquote><iframe sandbox=\"allow-scripts\" security=\"restricted\" src=\"https:\/\/focus.s.nomatter.dev\/es\/blog\/los-planes-economicos-de-trump\/embed\/#?secret=6HC8nMkgZa\" width=\"600\" height=\"338\" title=\"\u00ab\u00bfCu\u00e1les son los planes econ\u00f3micos de Trump?\u00bb \u2014 FocusEconomics [ES]\" data-secret=\"6HC8nMkgZa\" frameborder=\"0\" marginwidth=\"0\" marginheight=\"0\" scrolling=\"no\" class=\"wp-embedded-content\"><\/iframe><script>\n\/*! This file is auto-generated *\/\n!function(d,l){\"use strict\";l.querySelector&&d.addEventListener&&\"undefined\"!=typeof URL&&(d.wp=d.wp||{},d.wp.receiveEmbedMessage||(d.wp.receiveEmbedMessage=function(e){var t=e.data;if((t||t.secret||t.message||t.value)&&!\/[^a-zA-Z0-9]\/.test(t.secret)){for(var s,r,n,a=l.querySelectorAll('iframe[data-secret=\"'+t.secret+'\"]'),o=l.querySelectorAll('blockquote[data-secret=\"'+t.secret+'\"]'),c=new RegExp(\"^https?:$\",\"i\"),i=0;i<o.length;i++)o[i].style.display=\"none\";for(i=0;i<a.length;i++)s=a[i],e.source===s.contentWindow&&(s.removeAttribute(\"style\"),\"height\"===t.message?(1e3<(r=parseInt(t.value,10))?r=1e3:~~r<200&&(r=200),s.height=r):\"link\"===t.message&&(r=new URL(s.getAttribute(\"src\")),n=new URL(t.value),c.test(n.protocol))&&n.host===r.host&&l.activeElement===s&&(d.top.location.href=t.value))}},d.addEventListener(\"message\",d.wp.receiveEmbedMessage,!1),l.addEventListener(\"DOMContentLoaded\",function(){for(var e,t,s=l.querySelectorAll(\"iframe.wp-embedded-content\"),r=0;r<s.length;r++)(t=(e=s[r]).getAttribute(\"data-secret\"))||(t=Math.random().toString(36).substring(2,12),e.src+=\"#?secret=\"+t,e.setAttribute(\"data-secret\",t)),e.contentWindow.postMessage({message:\"ready\",secret:t},\"*\")},!1)))}(window,document);\n\/\/# sourceURL=https:\/\/focus.s.nomatter.dev\/es\/wp-includes\/js\/wp-embed.min.js\n<\/script>\n","description":"Leer en ingles Desde que Joe Biden abandon\u00f3 la campa\u00f1a presidencial en favor de la vicepresidenta Kamala Harris el 22 de julio, las encuestas han mostrado una reducci\u00f3n de la diferencia en intenci\u00f3n de voto entre Harris y Donald Trump. Sin embargo, Trump sigue teniendo muchas posibilidades de hacerse con la presidencia en las elecciones","thumbnail_url":"https:\/\/focus-stg.nm-img.net\/uploads\/sites\/5\/2024\/07\/trump-economy-focuseconomics.png","thumbnail_width":2400,"thumbnail_height":1254}