{"version":"1.0","provider_name":"FocusEconomics [ES]","provider_url":"https:\/\/focus.s.nomatter.dev\/es","author_name":"FocusEconomics [ES]","author_url":"https:\/\/focus.s.nomatter.dev\/es","title":"Alemania: ","type":"rich","width":600,"height":338,"html":"<blockquote class=\"wp-embedded-content\" data-secret=\"DqF1Jp8Qs9\"><a href=\"https:\/\/focus.s.nomatter.dev\/es\/countries\/alemania\/news\/inflacion\/116448\/\">Alemania: <\/a><\/blockquote><iframe sandbox=\"allow-scripts\" security=\"restricted\" src=\"https:\/\/focus.s.nomatter.dev\/es\/countries\/alemania\/news\/inflacion\/116448\/embed\/#?secret=DqF1Jp8Qs9\" width=\"600\" height=\"338\" title=\"\u00abAlemania: \u00bb \u2014 FocusEconomics [ES]\" data-secret=\"DqF1Jp8Qs9\" frameborder=\"0\" marginwidth=\"0\" marginheight=\"0\" scrolling=\"no\" class=\"wp-embedded-content\"><\/iframe><script>\n\/*! This file is auto-generated *\/\n!function(d,l){\"use strict\";l.querySelector&&d.addEventListener&&\"undefined\"!=typeof URL&&(d.wp=d.wp||{},d.wp.receiveEmbedMessage||(d.wp.receiveEmbedMessage=function(e){var t=e.data;if((t||t.secret||t.message||t.value)&&!\/[^a-zA-Z0-9]\/.test(t.secret)){for(var s,r,n,a=l.querySelectorAll('iframe[data-secret=\"'+t.secret+'\"]'),o=l.querySelectorAll('blockquote[data-secret=\"'+t.secret+'\"]'),c=new RegExp(\"^https?:$\",\"i\"),i=0;i<o.length;i++)o[i].style.display=\"none\";for(i=0;i<a.length;i++)s=a[i],e.source===s.contentWindow&&(s.removeAttribute(\"style\"),\"height\"===t.message?(1e3<(r=parseInt(t.value,10))?r=1e3:~~r<200&&(r=200),s.height=r):\"link\"===t.message&&(r=new URL(s.getAttribute(\"src\")),n=new URL(t.value),c.test(n.protocol))&&n.host===r.host&&l.activeElement===s&&(d.top.location.href=t.value))}},d.addEventListener(\"message\",d.wp.receiveEmbedMessage,!1),l.addEventListener(\"DOMContentLoaded\",function(){for(var e,t,s=l.querySelectorAll(\"iframe.wp-embedded-content\"),r=0;r<s.length;r++)(t=(e=s[r]).getAttribute(\"data-secret\"))||(t=Math.random().toString(36).substring(2,12),e.src+=\"#?secret=\"+t,e.setAttribute(\"data-secret\",t)),e.contentWindow.postMessage({message:\"ready\",secret:t},\"*\")},!1)))}(window,document);\n\/\/# sourceURL=https:\/\/focus.s.nomatter.dev\/es\/wp-includes\/js\/wp-embed.min.js\n<\/script>\n","thumbnail_url":"https:\/\/focus.nm-img.net\/uploads\/sites\/5\/2022\/11\/Germany-scaled.jpg","thumbnail_width":2560,"thumbnail_height":671,"description":"En cuanto a las perspectivas de inflaci\u00f3n, Carsten Brzeski, responsable global de macroeconom\u00eda de ING, a\u00f1adi\u00f3: \u00abEl paquete de medidas de alivio energ\u00e9tico finalizar\u00e1 en agosto. Ese ser\u00e1 tambi\u00e9n el momento en que termine el alivio temporal de la inflaci\u00f3n general. Aunque el poder de fijaci\u00f3n de precios tanto en la industria como en los"}